{"id":23,"date":"2021-01-25T16:40:18","date_gmt":"2021-01-25T16:40:18","guid":{"rendered":"http:\/\/fundacionjoaquinbalsa.com\/?page_id=23"},"modified":"2023-02-14T17:49:28","modified_gmt":"2023-02-14T17:49:28","slug":"empresas-e-instituciones-colaboradoras","status":"publish","type":"page","link":"https:\/\/fundacionjoaquinbalsa.com\/?page_id=23","title":{"rendered":"Empresas e instituciones colaboradoras"},"content":{"rendered":"\n<h2 class=\"wp-block-heading\"><\/h2>\n\n\n\n<p>La Fundaci\u00f3n Joaqu\u00edn Balsa no podr\u00eda llevar a cabo sus actividades sin la ayuda de las empresas e instituciones que colaboran en los proyectos bien mediante patrocinios, bien mediante ayudas profesionales.<\/p>\n\n\n\n<p>Entre las principales:<\/p>\n\n\n\n<div class=\"wp-block-media-text alignwide is-stacked-on-mobile\" style=\"grid-template-columns:23% auto\"><figure class=\"wp-block-media-text__media\"><img loading=\"lazy\" decoding=\"async\" width=\"337\" height=\"330\" src=\"http:\/\/fundacionjoaquinbalsa.com\/wp-content\/uploads\/2023\/02\/logo2-art-cuestion.jpg\" alt=\"\" class=\"wp-image-150 size-full\" srcset=\"https:\/\/fundacionjoaquinbalsa.com\/wp-content\/uploads\/2023\/02\/logo2-art-cuestion.jpg 337w, https:\/\/fundacionjoaquinbalsa.com\/wp-content\/uploads\/2023\/02\/logo2-art-cuestion-300x294.jpg 300w, https:\/\/fundacionjoaquinbalsa.com\/wp-content\/uploads\/2023\/02\/logo2-art-cuestion-276x270.jpg 276w\" sizes=\"auto, (max-width: 337px) 100vw, 337px\" \/><\/figure><div class=\"wp-block-media-text__content\">\n<p>Galer\u00eda de Arte ArtCuestion<\/p>\n<\/div><\/div>\n\n\n\n<div class=\"wp-block-media-text alignwide is-stacked-on-mobile\" style=\"grid-template-columns:23% auto\"><figure class=\"wp-block-media-text__media\"><img loading=\"lazy\" decoding=\"async\" width=\"822\" height=\"558\" src=\"http:\/\/fundacionjoaquinbalsa.com\/wp-content\/uploads\/2023\/02\/san-xoan-de-rio.png\" alt=\"\" class=\"wp-image-167 size-full\" srcset=\"https:\/\/fundacionjoaquinbalsa.com\/wp-content\/uploads\/2023\/02\/san-xoan-de-rio.png 822w, https:\/\/fundacionjoaquinbalsa.com\/wp-content\/uploads\/2023\/02\/san-xoan-de-rio-300x204.png 300w, https:\/\/fundacionjoaquinbalsa.com\/wp-content\/uploads\/2023\/02\/san-xoan-de-rio-768x521.png 768w, https:\/\/fundacionjoaquinbalsa.com\/wp-content\/uploads\/2023\/02\/san-xoan-de-rio-398x270.png 398w\" sizes=\"auto, (max-width: 822px) 100vw, 822px\" \/><\/figure><div class=\"wp-block-media-text__content\">\n<p>Concello San Xo\u00e1n de R\u00edo &#8211; Ourense<\/p>\n<\/div><\/div>\n\n\n\n<div class=\"wp-block-media-text alignwide is-stacked-on-mobile\" style=\"grid-template-columns:23% auto\"><figure class=\"wp-block-media-text__media\"><img loading=\"lazy\" decoding=\"async\" width=\"300\" height=\"300\" src=\"http:\/\/fundacionjoaquinbalsa.com\/wp-content\/uploads\/2023\/02\/aldealista-icon.jpg\" alt=\"\" class=\"wp-image-169 size-full\" srcset=\"https:\/\/fundacionjoaquinbalsa.com\/wp-content\/uploads\/2023\/02\/aldealista-icon.jpg 300w, https:\/\/fundacionjoaquinbalsa.com\/wp-content\/uploads\/2023\/02\/aldealista-icon-150x150.jpg 150w, https:\/\/fundacionjoaquinbalsa.com\/wp-content\/uploads\/2023\/02\/aldealista-icon-270x270.jpg 270w\" sizes=\"auto, (max-width: 300px) 100vw, 300px\" \/><\/figure><div class=\"wp-block-media-text__content\">\n<p>Aldealista<\/p>\n<\/div><\/div>\n\n\n\n<div class=\"wp-block-media-text alignwide is-stacked-on-mobile\" style=\"grid-template-columns:23% auto\"><figure class=\"wp-block-media-text__media\"><img loading=\"lazy\" decoding=\"async\" width=\"354\" height=\"119\" src=\"http:\/\/fundacionjoaquinbalsa.com\/wp-content\/uploads\/2023\/02\/fundacion-castelao.png\" alt=\"\" class=\"wp-image-171 size-full\" srcset=\"https:\/\/fundacionjoaquinbalsa.com\/wp-content\/uploads\/2023\/02\/fundacion-castelao.png 354w, https:\/\/fundacionjoaquinbalsa.com\/wp-content\/uploads\/2023\/02\/fundacion-castelao-300x101.png 300w\" sizes=\"auto, (max-width: 354px) 100vw, 354px\" \/><\/figure><div class=\"wp-block-media-text__content\">\n<p>Fundaci\u00f3n Castelao<\/p>\n<\/div><\/div>\n","protected":false},"excerpt":{"rendered":"<p>La Fundaci\u00f3n Joaqu\u00edn Balsa no podr\u00eda llevar a cabo sus actividades sin la ayuda de las empresas e instituciones que colaboran en los proyectos bien mediante patrocinios, bien mediante ayudas profesionales. Entre las principales: Galer\u00eda de Arte ArtCuestion Concello San Xo\u00e1n de R\u00edo &#8211; Ourense Aldealista Fundaci\u00f3n Castelao<\/p>\n","protected":false},"author":1,"featured_media":0,"parent":0,"menu_order":0,"comment_status":"closed","ping_status":"closed","template":"","meta":{"ngg_post_thumbnail":0,"footnotes":""},"class_list":["post-23","page","type-page","status-publish","hentry"],"_links":{"self":[{"href":"https:\/\/fundacionjoaquinbalsa.com\/index.php?rest_route=\/wp\/v2\/pages\/23","targetHints":{"allow":["GET"]}}],"collection":[{"href":"https:\/\/fundacionjoaquinbalsa.com\/index.php?rest_route=\/wp\/v2\/pages"}],"about":[{"href":"https:\/\/fundacionjoaquinbalsa.com\/index.php?rest_route=\/wp\/v2\/types\/page"}],"author":[{"embeddable":true,"href":"https:\/\/fundacionjoaquinbalsa.com\/index.php?rest_route=\/wp\/v2\/users\/1"}],"replies":[{"embeddable":true,"href":"https:\/\/fundacionjoaquinbalsa.com\/index.php?rest_route=%2Fwp%2Fv2%2Fcomments&post=23"}],"version-history":[{"count":8,"href":"https:\/\/fundacionjoaquinbalsa.com\/index.php?rest_route=\/wp\/v2\/pages\/23\/revisions"}],"predecessor-version":[{"id":194,"href":"https:\/\/fundacionjoaquinbalsa.com\/index.php?rest_route=\/wp\/v2\/pages\/23\/revisions\/194"}],"wp:attachment":[{"href":"https:\/\/fundacionjoaquinbalsa.com\/index.php?rest_route=%2Fwp%2Fv2%2Fmedia&parent=23"}],"curies":[{"name":"wp","href":"https:\/\/api.w.org\/{rel}","templated":true}]}}